{"id":16,"date":"2020-03-07T15:41:39","date_gmt":"2020-03-07T15:41:39","guid":{"rendered":"http:\/\/schwarzachangler.de\/?page_id=16"},"modified":"2026-01-06T16:06:23","modified_gmt":"2026-01-06T16:06:23","slug":"navigation-oben-aktuelles","status":"publish","type":"page","link":"https:\/\/schwarzachangler.de\/?page_id=16","title":{"rendered":"Aktuelles"},"content":{"rendered":"\n<h2 class=\"wp-block-heading\"><strong>Einladung zur Jahreshauptversammlung <\/strong><\/h2>\n\n\n\n<p>Unsere Jahreshauptversammlung findet am 06. Februar 2026 statt.<\/p>\n\n\n\n<p>Alle Mitglieder sind dazu herzlich eingeladen.<\/p>\n\n\n\n<figure class=\"wp-block-image size-full\"><img loading=\"lazy\" decoding=\"async\" width=\"801\" height=\"457\" src=\"https:\/\/schwarzachangler.de\/wp-content\/uploads\/2026\/01\/2021-Logo_Respekt.jpg\" alt=\"\" class=\"wp-image-1647\" srcset=\"https:\/\/schwarzachangler.de\/wp-content\/uploads\/2026\/01\/2021-Logo_Respekt.jpg 801w, https:\/\/schwarzachangler.de\/wp-content\/uploads\/2026\/01\/2021-Logo_Respekt-300x171.jpg 300w, https:\/\/schwarzachangler.de\/wp-content\/uploads\/2026\/01\/2021-Logo_Respekt-768x438.jpg 768w\" sizes=\"(max-width: 706px) 89vw, (max-width: 767px) 82vw, 740px\" \/><\/figure>\n\n\n\n<hr class=\"wp-block-separator has-alpha-channel-opacity\"\/>\n\n\n\n<h1 class=\"wp-block-heading has-text-align-center\">Bayerns Fisch des Jahres 2026: Die \u00c4sche<\/h1>\n\n\n\n<p>Die \u00c4sche steht wie kaum ein anderer Fisch f\u00fcr klares, lebendiges und sauerstoffreiches Wasser \u2013 und genau diese Lebensr\u00e4ume werden in Bayern immer seltener. Der Landesfischereiverband Bayern hat sie deshalb zum <em>Fisch des Jahres 2026<\/em> gew\u00e4hlt, um auf den alarmierenden Zustand unserer Flie\u00dfgew\u00e4sser aufmerksam zu machen: <\/p>\n\n\n\n<p>Bereits <strong>53 % der heimischen Flussfischarten gelten als gef\u00e4hrdet<\/strong>!!<\/p>\n\n\n\n<p>Stauhaltungen, Uferverbauungen, fehlende Kiesfl\u00e4chen, Eintr\u00e4ge aus der Landwirtschaft und steigende Wassertemperaturen setzen der sensiblen Art massiv zu. Gleichzeitig belasten <strong>wachsende Best\u00e4nde von Kormoran, G\u00e4nses\u00e4ger und Fischotter <\/strong>die ohnehin geschw\u00e4chten Populationen zus\u00e4tzlich.<\/p>\n\n\n\n<p>F\u00fcr eine Zukunft der \u00c4sche in Bayern braucht es beides: <strong>mehr Renaturierung und ein wirksames Wildtiermanagement<\/strong>. Nur so bleiben unsere Fl\u00fcsse lebendig.<\/p>\n\n\n\n<figure class=\"wp-block-image size-full\"><img loading=\"lazy\" decoding=\"async\" width=\"619\" height=\"400\" src=\"https:\/\/schwarzachangler.de\/wp-content\/uploads\/2026\/01\/Aesche_LK_1-619x400-1.jpg\" alt=\"\" class=\"wp-image-1649\" srcset=\"https:\/\/schwarzachangler.de\/wp-content\/uploads\/2026\/01\/Aesche_LK_1-619x400-1.jpg 619w, https:\/\/schwarzachangler.de\/wp-content\/uploads\/2026\/01\/Aesche_LK_1-619x400-1-300x194.jpg 300w\" sizes=\"(max-width: 619px) 100vw, 619px\" \/><\/figure>\n\n\n\n<hr class=\"wp-block-separator has-alpha-channel-opacity\"\/>\n\n\n\n<h2 class=\"wp-block-heading has-text-align-center\"><strong>Fischerfest in Forchheim<\/strong> &#8211; doppelter Grund zur Freude<\/h2>\n\n\n\n<figure class=\"wp-block-image size-full\"><img loading=\"lazy\" decoding=\"async\" width=\"996\" height=\"574\" src=\"https:\/\/schwarzachangler.de\/wp-content\/uploads\/2026\/01\/2025_Fischerfest-Fo-02.jpg\" alt=\"\" class=\"wp-image-1654\" srcset=\"https:\/\/schwarzachangler.de\/wp-content\/uploads\/2026\/01\/2025_Fischerfest-Fo-02.jpg 996w, https:\/\/schwarzachangler.de\/wp-content\/uploads\/2026\/01\/2025_Fischerfest-Fo-02-300x173.jpg 300w, https:\/\/schwarzachangler.de\/wp-content\/uploads\/2026\/01\/2025_Fischerfest-Fo-02-768x443.jpg 768w\" sizes=\"(max-width: 706px) 89vw, (max-width: 767px) 82vw, 740px\" \/><figcaption class=\"wp-element-caption\">Fischerfest in Forchheim 2025<\/figcaption><\/figure>\n\n\n\n<p>Freystadt\u00a0&#8211; Beim Fischerfest des Fischereivereins Forchheim-Oberm\u00e4ssing, das wieder sehr gut besucht war, gab es heuer gleich doppelten Grund zum Feiern: Vor kurzem hat der Verein mit der Stadt Freystadt die Verl\u00e4ngerung des Pachtvertrags f\u00fcr die Schlosserweiher bei Ohausen verl\u00e4ngern k\u00f6nnen. \u201eDie Schlosserweiher bilden den zentralen Ort f\u00fcr uns Fischer,\u201c betonte Vereinsvorsitzender Rudi Krehan in seinen Ausf\u00fchrungen. \u201eMit der Pachtverl\u00e4ngerung der Schlosserweiher k\u00f6nnen wir weiter planen und haben Sicherheit f\u00fcr die Zukunft. Wir sehen dabei die Unterst\u00fctzung seitens der Stadt Freystadt als besondere Hilfe und Wertsch\u00e4tzung f\u00fcr uns Fischer\u201c.<\/p>\n\n\n\n<figure class=\"wp-block-image size-large\"><img loading=\"lazy\" decoding=\"async\" width=\"1024\" height=\"611\" src=\"https:\/\/schwarzachangler.de\/wp-content\/uploads\/2026\/01\/2025_Fischerfest-Forchheim-01-1-1024x611.jpg\" alt=\"\" class=\"wp-image-1655\" srcset=\"https:\/\/schwarzachangler.de\/wp-content\/uploads\/2026\/01\/2025_Fischerfest-Forchheim-01-1-1024x611.jpg 1024w, https:\/\/schwarzachangler.de\/wp-content\/uploads\/2026\/01\/2025_Fischerfest-Forchheim-01-1-300x179.jpg 300w, https:\/\/schwarzachangler.de\/wp-content\/uploads\/2026\/01\/2025_Fischerfest-Forchheim-01-1-768x458.jpg 768w, https:\/\/schwarzachangler.de\/wp-content\/uploads\/2026\/01\/2025_Fischerfest-Forchheim-01-1-1536x916.jpg 1536w, https:\/\/schwarzachangler.de\/wp-content\/uploads\/2026\/01\/2025_Fischerfest-Forchheim-01-1.jpg 1637w\" sizes=\"(max-width: 706px) 89vw, (max-width: 767px) 82vw, 740px\" \/><figcaption class=\"wp-element-caption\">Grund zur Freude gab es  beim  gut besuchten Fischerfest auch die Verl\u00e4ngerung der Pachtvertr\u00e4ge f\u00fcr die Schlosserweiher<\/figcaption><\/figure>\n\n\n\n<p>Weiter sagte Rudi Krehan, mit viel Engagement und Eigenleistung habe man in der \u00fcber 45-j\u00e4hrigen Vereinsgeschichte einen wichtigen Beitrag zum Erhalt unserer Gew\u00e4sser und unserer Heimatregion beigetragen und wolle dies auch weiterhin aktiv betreiben. Das traditionelle Fischerfest bilde dabei einen wichtigen Eckpfeiler. \u201eMit den Erl\u00f6sen finanzieren wir beispielsweise unsere Artenhilfsprogramme zur Wiederansiedlung der Rutte und Barbe im Vereinsgew\u00e4sser, der Schwarzach\u201c.<\/p>\n\n\n\n<p>B\u00fcrgermeister Alexander Dorr hob die Bedeutung der Gew\u00e4sserpflege durch den Verein nicht nur f\u00fcr die Umwelt, sondern auch f\u00fcr die Gemeinde hervor. Und die G\u00e4ste lie\u00dfen es sich wieder einen Tag lang gutgehen im kulinarischen Angebot, bei dem sich alles rund um den Fisch gedreht hat.<\/p>\n\n\n\n<hr class=\"wp-block-separator has-alpha-channel-opacity\"\/>\n\n\n\n<h1 class=\"wp-block-heading\">Europ\u00e4ischer Wels: \u201eFisch des Jahres 2026\u201c in Deutschland<\/h1>\n\n\n\n<p>Der Europ\u00e4ische Wels (Silurus glanis) ist Fisch des Jahres 2026. Mit dieser Wahl machen der Deutsche Angelfischerverband e.V. (DAFV), das Bundesamt f\u00fcr Naturschutz (BfN) und die Gesellschaft f\u00fcr Ichthyologie e.V. (GfI) auf eine faszinierende und nicht zuletzt aufgrund ihrer Gr\u00f6\u00dfe besondere Fischart aufmerksam.<\/p>\n\n\n\n<figure class=\"wp-block-image size-large\"><img loading=\"lazy\" decoding=\"async\" width=\"1024\" height=\"641\" src=\"https:\/\/schwarzachangler.de\/wp-content\/uploads\/2026\/01\/waller-1024x641.jpg\" alt=\"\" class=\"wp-image-1651\" srcset=\"https:\/\/schwarzachangler.de\/wp-content\/uploads\/2026\/01\/waller-1024x641.jpg 1024w, https:\/\/schwarzachangler.de\/wp-content\/uploads\/2026\/01\/waller-300x188.jpg 300w, https:\/\/schwarzachangler.de\/wp-content\/uploads\/2026\/01\/waller-768x481.jpg 768w, https:\/\/schwarzachangler.de\/wp-content\/uploads\/2026\/01\/waller-1536x962.jpg 1536w, https:\/\/schwarzachangler.de\/wp-content\/uploads\/2026\/01\/waller.jpg 1800w\" sizes=\"(max-width: 706px) 89vw, (max-width: 767px) 82vw, 740px\" \/><\/figure>\n\n\n\n<p>Der Europ\u00e4ische Wels ist mit bis zu 3 Metern L\u00e4nge und 150 Kilogramm Gewicht unser gr\u00f6\u00dfter heimischer S\u00fc\u00dfwasserfisch. Als w\u00e4rmeliebende Art profitiert er aktuell stark vom Klimawandel \u2013 und zeigt zugleich, wie wichtig intakte, artenreiche Gew\u00e4sser\u00f6kosysteme sind.<\/p>\n\n\n\n<p>In seinen urspr\u00fcnglichen Lebensr\u00e4umen \u00fcbernimmt der Wels eine zentrale \u00f6kologische Rolle: Er reguliert Fischbest\u00e4nde und tr\u00e4gt durch das Fressen von Aas und kranken Fischen zur Gew\u00e4ssergesundheit bei. Seine enorme Gr\u00f6\u00dfe bedeutet jedoch auch einen hohen Nahrungsbedarf, der lokale Best\u00e4nde beeinflussen kann.<\/p>\n\n\n\n<p>Trotz seines Rufes als \u201egef\u00e4hrlicher R\u00e4uber\u201c ist der Wels nach Roter Liste nicht gef\u00e4hrdet. Seine Wahl zum Fisch des Jahres soll vor allem eines: zu einer sachlichen Auseinandersetzung mit dieser faszinierenden und \u00f6kologisch wichtigen Art beitragen.<\/p>\n\n\n\n<hr class=\"wp-block-separator has-alpha-channel-opacity\"\/>\n\n\n\n<h2 class=\"wp-block-heading has-text-align-center has-vivid-green-cyan-color has-text-color has-large-font-size\">Der Europ\u00e4ische Aal ist &#8220;Fisch des Jahres 2025&#8221; in Deutschland<\/h2>\n\n\n\n<p><\/p>\n\n\n\n<p><strong>Der&nbsp;Europ\u00e4ische Aal&nbsp;(Anguilla anguilla)<\/strong>&nbsp;wurde vom Deutschen Angelfischerverband (DAFV), dem Bundesamt f\u00fcr Naturschutz (BfN) und dem Verband Deutscher Sporttaucher (VDST) zum Fisch des Jahres 2025 gew\u00e4hlt.<\/p>\n\n\n\n<figure class=\"wp-block-image size-large\"><img loading=\"lazy\" decoding=\"async\" width=\"1024\" height=\"576\" src=\"https:\/\/schwarzachangler.de\/wp-content\/uploads\/2025\/01\/europaeischer-aal-anguilla-anguilla-1024x576.jpg\" alt=\"\" class=\"wp-image-1538\" srcset=\"https:\/\/schwarzachangler.de\/wp-content\/uploads\/2025\/01\/europaeischer-aal-anguilla-anguilla-1024x576.jpg 1024w, https:\/\/schwarzachangler.de\/wp-content\/uploads\/2025\/01\/europaeischer-aal-anguilla-anguilla-300x169.jpg 300w, https:\/\/schwarzachangler.de\/wp-content\/uploads\/2025\/01\/europaeischer-aal-anguilla-anguilla-768x432.jpg 768w, https:\/\/schwarzachangler.de\/wp-content\/uploads\/2025\/01\/europaeischer-aal-anguilla-anguilla.jpg 1100w\" sizes=\"(max-width: 706px) 89vw, (max-width: 767px) 82vw, 740px\" \/><\/figure>\n\n\n\n<p class=\"has-text-align-center\">Der Europ\u00e4ische Aal (Anguilla anguilla) ist ein faszinierender Bewohner unserer K\u00fcsten- und Binnengew\u00e4sser. Interessant ist der Aal wegen seines komplexen Lebenszyklus, der ihn aber auch besonders empfindlich gegen\u00fcber St\u00f6rungen macht. Der Europ\u00e4ische Aal machte einst <strong>etwa die H\u00e4lfte der Fischbiomasse<\/strong> in den europ\u00e4ischen Binnengew\u00e4ssern aus. Die Kan\u00e4le der norddeutschen Marschen waren damals so reich an Jungaalen, dass die Bauern sie als D\u00fcnger auf die Felder schaufelten oder sogar an ihre H\u00fchner verf\u00fctterten. Neben anderen, werden als Ursachen f\u00fcr den starken Bestandsr\u00fcckgang Lebensraumverlust, Wanderhindernisse und die Folgen des Klimawandels vermutet. Zahlreiche Querbauwerke erschweren heute die Zu- und Abwanderung der Aale in ihre angestammten Lebensr\u00e4ume in den deutschen Gew\u00e4ssern.<\/p>\n\n\n\n<hr class=\"wp-block-separator has-alpha-channel-opacity\"\/>\n\n\n\n<p><\/p>\n\n\n\n<p class=\"has-medium-font-size\"><strong>DIE RUTTE &#8211; BAYERNS FISCH DES JAHRES 2024<\/strong><\/p>\n\n\n<div class=\"wp-block-image is-style-rounded\">\n<figure class=\"aligncenter size-full\"><img loading=\"lazy\" decoding=\"async\" width=\"349\" height=\"369\" src=\"https:\/\/schwarzachangler.de\/wp-content\/uploads\/2024\/02\/Screenshot-2024-02-12-072254.png\" alt=\"\" class=\"wp-image-1473\" srcset=\"https:\/\/schwarzachangler.de\/wp-content\/uploads\/2024\/02\/Screenshot-2024-02-12-072254.png 349w, https:\/\/schwarzachangler.de\/wp-content\/uploads\/2024\/02\/Screenshot-2024-02-12-072254-284x300.png 284w\" sizes=\"(max-width: 349px) 100vw, 349px\" \/><figcaption class=\"wp-element-caption\">Die Rutte ist die einzige Art der dorschartigen Fische, die ausschlie\u00dflich im S\u00fc\u00dfwasser lebt und sich auch dort<br>fortpflanzt.<\/figcaption><\/figure><\/div>\n\n\n<p>Die Rutte, regional auch Quappe, Aalrutte, Tr\u00fcsche oder Aalraupe genannt, steht in Bayern und im gesamten Bundesgebiet als \u201estark gef\u00e4hrdet\u201c auf der roten Liste.<\/p>\n\n\n\n<p>Es freut uns dass dieser mittlerweile sehr seltenen Fischart nun der Titel Fisch des Jahres zugegangen ist.<\/p>\n\n\n\n<p>Seit mehreren Jahren f\u00fchren wir Fischer im Rahmen eines Artenhilfsprogramms den Besatz mit Rutten an unserer Schwarzach durch. <\/p>\n\n\n\n<p>Wir hoffen sehr, dass sich diese faszinierende und heimische Fischart bei uns wieder ansiedelt.<\/p>\n\n\n\n<p>Hier geht\u00b4s zum Infoflyer: <\/p>\n\n\n\n<p><a href=\"https:\/\/lfvbayern.de\/downloads\/publikationen\">https:\/\/lfvbayern.de\/downloads\/publikationen<\/a><\/p>\n\n\n\n<hr class=\"wp-block-separator has-alpha-channel-opacity is-style-wide\"\/>\n\n\n\n<h2 class=\"wp-block-heading\"><strong>Jahreshauptversammlung 2024<\/strong><\/h2>\n\n\n\n<p><\/p>\n\n\n\n<p>Liebe Mitglieder, Freunde und F\u00f6rderer unseres Vereins,<\/p>\n\n\n\n<p>wir m\u00f6chten uns bei Euch f\u00fcr die Teilnahme an unserer Jahreshauptversammlung  am Freitag, den 02.02.2024 recht herzlich bedanken und w\u00fcnschen einen guten Start in die Angelsaison 2024. <\/p>\n\n\n\n<p>Petri Heil!<br>Eure Vorstandschaft<\/p>\n\n\n\n<hr class=\"wp-block-separator has-alpha-channel-opacity is-style-wide\"\/>\n\n\n\n<p><\/p>\n\n\n\n<p><\/p>\n\n\n\n<p class=\"has-medium-font-size\"><strong>Altwasser der Schwarzach Rohr von Sediment befreit<\/strong><\/p>\n\n\n\n<figure class=\"wp-block-image size-large is-resized\"><img loading=\"lazy\" decoding=\"async\" width=\"860\" height=\"553\" src=\"https:\/\/schwarzachangler.de\/wp-content\/uploads\/2022\/10\/29-99997438.jpg\" alt=\"\" class=\"wp-image-1385\" style=\"width:674px;height:433px\" srcset=\"https:\/\/schwarzachangler.de\/wp-content\/uploads\/2022\/10\/29-99997438.jpg 860w, https:\/\/schwarzachangler.de\/wp-content\/uploads\/2022\/10\/29-99997438-300x193.jpg 300w, https:\/\/schwarzachangler.de\/wp-content\/uploads\/2022\/10\/29-99997438-768x494.jpg 768w\" sizes=\"(max-width: 706px) 89vw, (max-width: 767px) 82vw, 740px\" \/><figcaption class=\"wp-element-caption\">Foto: FV Forchheim-Oberm\u00e4ssing e.V.<\/figcaption><\/figure>\n\n\n\n<p>500 Kubikmeter Erde und Schlamm ausgebaggert: Gro\u00dfaktion des Fischereivereins Forchheim-Oberm\u00e4ssing:<\/p>\n\n\n\n<p>In einer Gro\u00dfaktion haben die Mitglieder des Fischereivereins Forchheim-Oberm\u00e4ssing das von ihnen gepachtete Altwasser der Schwarzach bei Rohr hergerichtet.<\/p>\n\n\n\n<p>Mit den Jahren ist das alte Flussbett der Schwarzach zwischen dem Rohrer DJK-Sportheim und der Br\u00fccke \u00fcber die Stra\u00dfe in Richtung Ebenried verlandet, so dass die Karpfen, Karauschen, Hechte, Aale und Schleien kaum noch Lebensraum hatten. Dazu kam heuer im Sommer die lange Hitzephase, die das Wasser aufgeheizt und das \u00dcberleben der Fische bedroht hat.<\/p>\n\n\n\n<p>Das zusammen war ausschlaggebend daf\u00fcr, dass die Fischer beschlossen, den Flusslauf zu sanieren. In den fr\u00fchen Morgenstunden am Samstag wurden nun die Fische mit Keschern eingesammelt, in Wasserbassins abtransportiert und schnellstm\u00f6glich in den Schlosserweihern bei Ohausen wieder ins Wasser gesetzt.<\/p>\n\n\n\n<p>Mit einem Bagger wurden im Anschluss etwa 500 Kubikmeter Erde und Schlamm aus diesem Flussbettabschnitt geholt und auf einem angrenzenden Feld, dessen Besitzer die Zustimmung gegeben hat, ausgebracht. Mit dem Regen der vergangenen Tage f\u00fcllt sich das Flussbett allm\u00e4hlich wieder.<\/p>\n\n\n\n<p>Wie G\u00fcnther Franz erkl\u00e4rte, wird das Teilst\u00fcck nun erst einmal in Ruhe gelassen. Erst im Fr\u00fchjahr ist geplant, wieder Fische einzusetzen. Der Vereinsvorsitzende Rudolf Krehan fasst zusammen: \u201eWir wollten nicht zuschauen, bis Schlimmeres passiert und haben schnell gehandelt\u201c. Die Ma\u00dfnahme hat der Verein selber finanziert, um dieses Gew\u00e4sser dauerhaft zu erhalten.<\/p>\n\n\n\n<hr class=\"wp-block-separator has-css-opacity\"\/>\n\n\n\n<h1 class=\"wp-block-heading\"><strong>Wandern entlang der Schwarzach: Freystadt hat jetzt einen Fischlehrpfad<\/strong><\/h1>\n\n\n\n<figure class=\"wp-block-image size-large\"><img loading=\"lazy\" decoding=\"async\" width=\"1024\" height=\"768\" src=\"https:\/\/schwarzachangler.de\/wp-content\/uploads\/2022\/10\/Fischwanderwegeroeffnet_haz_171022-1024x768.jpg\" alt=\"\" class=\"wp-image-1381\" srcset=\"https:\/\/schwarzachangler.de\/wp-content\/uploads\/2022\/10\/Fischwanderwegeroeffnet_haz_171022-1024x768.jpg 1024w, https:\/\/schwarzachangler.de\/wp-content\/uploads\/2022\/10\/Fischwanderwegeroeffnet_haz_171022-300x225.jpg 300w, https:\/\/schwarzachangler.de\/wp-content\/uploads\/2022\/10\/Fischwanderwegeroeffnet_haz_171022-768x576.jpg 768w, https:\/\/schwarzachangler.de\/wp-content\/uploads\/2022\/10\/Fischwanderwegeroeffnet_haz_171022-1536x1152.jpg 1536w, https:\/\/schwarzachangler.de\/wp-content\/uploads\/2022\/10\/Fischwanderwegeroeffnet_haz_171022-2048x1536.jpg 2048w\" sizes=\"(max-width: 706px) 89vw, (max-width: 767px) 82vw, 740px\" \/><figcaption class=\"wp-element-caption\">Den Fischereilehrpfad an der Schwarzach offiziell vorgestellt haben die Mitglieder des Fischereivereins Forchheim-Oberm\u00e4ssing gemeinsam mit den Vertretern des Wanderverein, B\u00fcrgermeister Alexander Dorr und den Bauhof-Mitarbeitern. Foto: Sch\u00f6ll<\/figcaption><\/figure>\n\n\n\n<p><\/p>\n\n\n\n<p>Wer mehr \u00fcber die Natur vor Ort erfahren will, sollte eine Wanderung auf dem neuen Fischlehrpfad in der Gemeinde Freystadt unternehmen. Die Route f\u00fchrt \u00fcber 10,6 Kilometer. Vier Infotafeln sind auf der Strecke angebracht, auf denen die Wanderer viel Wissenswertes erfahren.<\/p>\n\n\n\n<p>Die Initiative f\u00fcr einen Fischlehrpfad ging vom Fischereiverein Forchheim\/Oberm\u00e4ssing aus. Wie Vorsitzender Rudi Krehan beim Pressetermin erl\u00e4uterte, habe man die Strecke in Zusammenarbeit mit dem Wanderverein Freystadt festgelegt. Der Fischereiverein verfasste die vier informativen Tafeln. Erster Projektansprechpartner im Rathaus war Klaus Meixner. 3500 Euro kosteten die vier Infotafeln, die mit 50 Prozent vom Landesfischereiverband bezuschusst wurden. Das Aufstellen \u00fcbernahmen schlie\u00dflich die Mitarbeiter des Freyst\u00e4dter Bauhofs.<\/p>\n\n\n\n<p>\u201eDie Idee des Fischereivereins, einen Fischlehrpfad zu erstellen, haben wir sehr gerne unterst\u00fctzt\u201c, betonte B\u00fcrgermeister Alexander Dorr. \u201eEs ist eine sch\u00f6ne Bereicherung f\u00fcr unser Wanderwegenetz und den damit einhergehenden sanften Tourismus.\u201c<\/p>\n\n\n\n<p>\u00dcber nachstehenden Link kommt man zur Wanderstrecke:<\/p>\n\n\n\n<p><a href=\"https:\/\/www.outdooractive.com\/de\/route\/wanderung\/bayerischer-jura\/runde-auf-dem-fischereilehrpfad\/64799999\/\">Runde auf dem Fischereilehrpfad \u2022 Wanderung \u00bb outdooractive.com<\/a><\/p>\n\n\n\n<h2 class=\"wp-block-heading\"><\/h2>\n\n\n\n<hr class=\"wp-block-separator has-css-opacity\"\/>\n\n\n\n<p style=\"font-size:33px\"><strong> <\/strong>Treffen mit den Wasserwirtschafts\u00e4mtern an der Schwarzach<\/p>\n\n\n\n<p>Am 30.11.2021 trafen sich einige Vereinskollegen mit Vertretern der beiden Wasserwirtschafts\u00e4mtern aus N\u00fcrnberg und Regensburg. Dabei ging es darum die bereits begonnenen Ma\u00dfnahmen zur Lebensraumverbesserung im Oberpf\u00e4lzer Bereich zu begutachten und dann \u00fcber die n\u00e4chsten Schritte zu sprechen.<\/p>\n\n\n\n<p>Insgesamt ein guter Termin res\u00fcmierten die Teilnehmern und wir sind froh dass an unserer Schwarzach in Sachen Verbesserung der Lebensr\u00e4ume f\u00fcr unsere Natur was voran geht.<\/p>\n\n\n\n<figure class=\"wp-block-image size-large is-resized\"><img loading=\"lazy\" decoding=\"async\" width=\"1024\" height=\"681\" src=\"https:\/\/schwarzachangler.de\/wp-content\/uploads\/2021\/12\/Freystadt-Schwarzach-3-1024x681.jpg\" alt=\"\" class=\"wp-image-1272\" style=\"width:674px;height:448px\" srcset=\"https:\/\/schwarzachangler.de\/wp-content\/uploads\/2021\/12\/Freystadt-Schwarzach-3-1024x681.jpg 1024w, https:\/\/schwarzachangler.de\/wp-content\/uploads\/2021\/12\/Freystadt-Schwarzach-3-300x199.jpg 300w, https:\/\/schwarzachangler.de\/wp-content\/uploads\/2021\/12\/Freystadt-Schwarzach-3-768x511.jpg 768w, https:\/\/schwarzachangler.de\/wp-content\/uploads\/2021\/12\/Freystadt-Schwarzach-3-1536x1021.jpg 1536w, https:\/\/schwarzachangler.de\/wp-content\/uploads\/2021\/12\/Freystadt-Schwarzach-3-2048x1362.jpg 2048w\" sizes=\"(max-width: 706px) 89vw, (max-width: 767px) 82vw, 740px\" \/><figcaption class=\"wp-element-caption\">Fischer und Vertreter der Wasserwirtschafts\u00e4mter beim Ortstermin an der Schwarzach bei heftigen Schneetreiben<\/figcaption><\/figure>\n\n\n\n<hr class=\"wp-block-separator has-css-opacity is-style-wide\"\/>\n\n\n\n<h2 class=\"wp-block-heading\">Streuobstwiese gepflanzt!<\/h2>\n\n\n\n<p>Am 13. November haben wir gemeinsam mit ein paar Jugendlichen unserer Fischerjugend 8 Streuobstb\u00e4ume am Richthofer Weiher gepflanzt. Die Streuobstb\u00e4ume wurden vom Landschaftspflegeverband Neumarkt bereit gestellt. Bereits im Fr\u00fchjahr haben wir einen Bl\u00fchwiese f\u00fcr Insekten anges\u00e4t und eine Sitzbank aufgestellt. Mit der Ma\u00dfnahme schlie\u00dfen wir die Arbeiten am Richthofer Weiher ab und haben hier ein kleines Refugium f\u00fcr Mensch und Natur in unserer Gemeinde geschaffen.<\/p>\n\n\n\n<div class=\"wp-block-group\"><div class=\"wp-block-group__inner-container is-layout-flow wp-block-group-is-layout-flow\">\n<figure class=\"wp-block-gallery has-nested-images columns-default is-cropped wp-block-gallery-1 is-layout-flex wp-block-gallery-is-layout-flex\">\n<figure class=\"wp-block-image size-large\"><img loading=\"lazy\" decoding=\"async\" width=\"768\" height=\"1024\" src=\"https:\/\/schwarzachangler.de\/wp-content\/uploads\/2021\/12\/20211113_093704-1-768x1024.jpg\" alt=\"\" class=\"wp-image-1276\" srcset=\"https:\/\/schwarzachangler.de\/wp-content\/uploads\/2021\/12\/20211113_093704-1-768x1024.jpg 768w, https:\/\/schwarzachangler.de\/wp-content\/uploads\/2021\/12\/20211113_093704-1-225x300.jpg 225w, https:\/\/schwarzachangler.de\/wp-content\/uploads\/2021\/12\/20211113_093704-1-1152x1536.jpg 1152w, https:\/\/schwarzachangler.de\/wp-content\/uploads\/2021\/12\/20211113_093704-1-1536x2048.jpg 1536w, https:\/\/schwarzachangler.de\/wp-content\/uploads\/2021\/12\/20211113_093704-1-scaled.jpg 1920w\" sizes=\"(max-width: 706px) 89vw, (max-width: 767px) 82vw, 740px\" \/><\/figure>\n\n\n\n<figure class=\"wp-block-image size-large\"><img loading=\"lazy\" decoding=\"async\" width=\"768\" height=\"1024\" src=\"https:\/\/schwarzachangler.de\/wp-content\/uploads\/2021\/12\/20211113_094147-768x1024.jpg\" alt=\"\" class=\"wp-image-1277\" srcset=\"https:\/\/schwarzachangler.de\/wp-content\/uploads\/2021\/12\/20211113_094147-768x1024.jpg 768w, https:\/\/schwarzachangler.de\/wp-content\/uploads\/2021\/12\/20211113_094147-225x300.jpg 225w, https:\/\/schwarzachangler.de\/wp-content\/uploads\/2021\/12\/20211113_094147-1152x1536.jpg 1152w, https:\/\/schwarzachangler.de\/wp-content\/uploads\/2021\/12\/20211113_094147-1536x2048.jpg 1536w, https:\/\/schwarzachangler.de\/wp-content\/uploads\/2021\/12\/20211113_094147-scaled.jpg 1920w\" sizes=\"(max-width: 706px) 89vw, (max-width: 767px) 82vw, 740px\" \/><\/figure>\n\n\n\n<figure class=\"wp-block-image size-large\"><img loading=\"lazy\" decoding=\"async\" width=\"768\" height=\"1024\" src=\"https:\/\/schwarzachangler.de\/wp-content\/uploads\/2021\/12\/20211113_104957-768x1024.jpg\" alt=\"\" class=\"wp-image-1278\" srcset=\"https:\/\/schwarzachangler.de\/wp-content\/uploads\/2021\/12\/20211113_104957-768x1024.jpg 768w, https:\/\/schwarzachangler.de\/wp-content\/uploads\/2021\/12\/20211113_104957-225x300.jpg 225w, https:\/\/schwarzachangler.de\/wp-content\/uploads\/2021\/12\/20211113_104957-1152x1536.jpg 1152w, https:\/\/schwarzachangler.de\/wp-content\/uploads\/2021\/12\/20211113_104957-1536x2048.jpg 1536w, https:\/\/schwarzachangler.de\/wp-content\/uploads\/2021\/12\/20211113_104957-scaled.jpg 1920w\" sizes=\"(max-width: 706px) 89vw, (max-width: 767px) 82vw, 740px\" \/><\/figure>\n<\/figure>\n\n\n\n<hr class=\"wp-block-separator has-css-opacity is-style-wide\"\/>\n<\/div><\/div>\n\n\n\n<hr class=\"wp-block-separator has-css-opacity is-style-wide\"\/>\n\n\n\n<p>Unser Beitrag zum Umweltmagazin &#8220;Unkraut&#8221; im BR:<\/p>\n\n\n\n<h1 class=\"wp-block-heading\">Wie geht&#8217;s Bayerns Fl\u00fcssen und Seen?<\/h1>\n\n\n\n<ul class=\"wp-block-list\">\n<li>BR Fernsehen<\/li>\n\n\n\n<li>28.09.2020, 19:00&nbsp;Uhr<\/li>\n\n\n\n<li>29 Min<\/li>\n<\/ul>\n\n\n\n<p><\/p>\n\n\n\n<figure class=\"wp-block-image size-large\"><img loading=\"lazy\" decoding=\"async\" width=\"988\" height=\"528\" src=\"https:\/\/schwarzachangler.de\/wp-content\/uploads\/2020\/09\/image.png\" alt=\"\" class=\"wp-image-995\" srcset=\"https:\/\/schwarzachangler.de\/wp-content\/uploads\/2020\/09\/image.png 988w, https:\/\/schwarzachangler.de\/wp-content\/uploads\/2020\/09\/image-300x160.png 300w, https:\/\/schwarzachangler.de\/wp-content\/uploads\/2020\/09\/image-768x410.png 768w\" sizes=\"(max-width: 706px) 89vw, (max-width: 767px) 82vw, 740px\" \/><figcaption class=\"wp-element-caption\"><a rel=\"noreferrer noopener\" href=\"https:\/\/deref-web.de\/mail\/client\/QFjGRr3wfKc\/dereferrer\/?redirectUrl=https%3A%2F%2Fwww.br.de%2Fmediathek%2Fvideo%2Frenaturierung-fluesse-erholen-sich-nur-langsam-av%3A5f720576bff613001b85f6ec\" target=\"_blank\">https:\/\/www.br.de\/mediathek\/video\/renaturierung-fluesse-erholen-sich-nur-langsam-av:5f720576bff613001b85f6ec<\/a><\/figcaption><\/figure>\n\n\n\n<hr class=\"wp-block-separator has-text-color has-css-opacity has-background is-style-wide\" style=\"background-color:#0aac22;color:#0aac22\"\/>\n\n\n\n<h2 class=\"wp-block-heading\"><em>Aus dem Archiv &#8220;gefischt&#8221;:  <\/em><\/h2>\n\n\n\n<p><em>1988 wurde der von Josef Meyer gespendete Fischerbrunnen zur W\u00fcrdigung der Fischer eingeweiht:<\/em><\/p>\n\n\n\n<h2 class=\"wp-block-heading\"><strong>Sportfischer schenkt Heimatstadt Fischerbrunnen<\/strong><\/h2>\n\n\n\n<p>Josef Meyer, nach 57j\u00e4hriger Abwesenheit in seine Heimatstadt Freystadt zur\u00fcckgekehrt, fand (zusammen mit seiner Ehefrau) bei den Beh\u00f6rden, den Vereinen und allen B\u00fcrgern herzliche Wiederaufnahme. Als Dankesch\u00f6n schenkte er den B\u00fcrgern von Freystadt einen Fischerbrunnen, der von Hubert Baumann, Neumark\/ Opf., angefertigt wurde.<\/p>\n\n\n\n<p>An der Feierlichkeit nahmen der Pr\u00e4sident des Mittelfr\u00e4nkischen Fischereiverbands, Dr. Christoph Maier (MdL), der auch die Festansprache hielt, der Landrat von Neumark\/Opf., Josef Werner Bauer, der B\u00fcrgermeister von Freystadt mit seinen Vertretern und dem Stadtrat, Vertreter der Kirche, Vorst\u00e4nde und Mitglieder des &nbsp;Fischereivereins Forchheim-Oberm\u00e4ssing und viele B\u00fcrger teil.<\/p>\n\n\n\n<figure class=\"wp-block-image size-large\"><img loading=\"lazy\" decoding=\"async\" width=\"1024\" height=\"769\" src=\"https:\/\/schwarzachangler.de\/wp-content\/uploads\/2020\/09\/IMG-20200811-WA0024-1024x769.jpg\" alt=\"\" class=\"wp-image-984\" srcset=\"https:\/\/schwarzachangler.de\/wp-content\/uploads\/2020\/09\/IMG-20200811-WA0024-1024x769.jpg 1024w, https:\/\/schwarzachangler.de\/wp-content\/uploads\/2020\/09\/IMG-20200811-WA0024-300x225.jpg 300w, https:\/\/schwarzachangler.de\/wp-content\/uploads\/2020\/09\/IMG-20200811-WA0024-768x576.jpg 768w, https:\/\/schwarzachangler.de\/wp-content\/uploads\/2020\/09\/IMG-20200811-WA0024-1536x1153.jpg 1536w, https:\/\/schwarzachangler.de\/wp-content\/uploads\/2020\/09\/IMG-20200811-WA0024.jpg 1600w\" sizes=\"(max-width: 706px) 89vw, (max-width: 767px) 82vw, 740px\" \/><figcaption class=\"wp-element-caption\">Der Fischerbrunnen, gestiftet von J. Meyer, versch\u00f6nert seit 1988 das Freyst\u00e4dter Stadtbild<\/figcaption><\/figure>\n\n\n\n<p>Motive des Brunnens sind Fischer, die liebevoll Fische in sauberes Wasser umsetzen und Fische, die zum sauberen Wasser dr\u00e4ngen. Eine Motivtafel enth\u00e4lt den Spruch: .,Saubere Umwelt, sauberes Wasser, gesundes Leben&#8221;.<\/p>\n\n\n\n<p>Josef Meyer f\u00fchrte in seiner Begr\u00fc\u00dfungsansprache u. a. aus: .,Unsere Umwelt und unsere Gew\u00e4sser sind alle in Gefahr. Die Regierungen, die Beh\u00f6rden und einige Organisationen alleine reichen nicht aus.<\/p>\n\n\n\n<p>Jeder einzelne ist aufgerufen, muss mithelfen, notfalls sogar die Unbelehrbaren an ihre Pflichten erinnern. Wie w\u00fcrden unsere Gew\u00e4sser wohl aussehen, wenn es die Fischereivereine und -verb\u00e4nde nicht g\u00e4be? Die Fischereivereine holen bei ihren allj\u00e4hrlichen S\u00e4uberungsaktionen lastwagenweise Unrat aus den Gew\u00e4ssern und Uferbereichen. <strong>Die organisierten Sportfischer sind die besten und aktivsten Gew\u00e4ssersch\u00fctzer, die es bei uns gibt. <\/strong>An die Leistungen der organisierten Sportfischer, ihre Vereine und Verb\u00e4nde, habe ich gedacht, als die Idee \u201eFischerbrunnen\u201c entstanden ist. Ihre Eins\u00e4tze, das, was sie f\u00fcr den Sport, die Kultur, die Jugend, die Umwelt und unsere Gew\u00e4sser tun, gebietet es geradezu, sie auf solche Weise zu ehren.&#8221;<\/p>\n\n\n\n<p>Der Pr\u00e4sident des mittelfr\u00e4nkischen Fischereiverbands, Dr. Maier, f\u00fchrte aus, dass es die Fischerei-Vereine mit ihren Mitgliedern sind, die daf\u00fcr sorgen, dass die Fischbest\u00e4nde und -arten erhalten bleiben. Er ging auf die Sorgen ein, die uns unsere Gew\u00e4sser und die Umwelt bereiten und dass die organisierten Sportfischer Millionen Stunden an Arbeitsdienst kostenlos leisten. Wasser, so Dr. Maier, sei f\u00fcr das Leben unentbehrlich. Naturschutz sei nur mit gleichzeitigem Gew\u00e4sserschutz m\u00f6glich. Auch Landrat Bauer und B\u00fcrgermeister Gailer brachten ihre Sorge \u00fcber den Zustand unserer Gew\u00e4sser und der Umwelt zum Ausdruck.<\/p>\n\n\n\n<p><\/p>\n\n\n\n<hr class=\"wp-block-separator has-css-opacity\"\/>\n\n\n\n<h3 class=\"wp-block-heading\">Gru\u00dfworte des Landrats Willibald Gailler anl\u00e4sslich des               40 j\u00e4hrigen Bestehens des Fischereivereins<\/h3>\n\n\n\n<figure class=\"wp-block-image size-large\"><img loading=\"lazy\" decoding=\"async\" width=\"166\" height=\"190\" src=\"https:\/\/schwarzachangler.de\/wp-content\/uploads\/2020\/04\/image-1.png\" alt=\"\" class=\"wp-image-796\"\/><\/figure>\n\n\n\n<p>Der Fischereiverein Forchheim-Oberm\u00e4ssing feiert in diesem Jahr sein <br> 40-j\u00e4hriges Bestehen. Zu diesem Jubil\u00e4um gratuliere ich im Namen des Landkreises Neumarkt i.d.OPf. und ganz besonders auch pers\u00f6nlich.<\/p>\n\n\n\n<p>Bereits bei der Gr\u00fcndung im Jahr 1980 haben sich die\nSchwarzachangler zur Aufgabe gemacht, die Gew\u00e4sser zu sch\u00fctzen und die\nFischbest\u00e4nde zu hegen. Und auch heute leisten die mittlerweile mehr als 150\nVereinsmitglieder zahlreiche Arbeitsstunden zum Schutz und zur Reinhaltung\nsowie zur Erhaltung der Sch\u00f6nheit und Urspr\u00fcnglichkeit vieler Gew\u00e4sser in der\nRegion um Freystadt, Hilpoltsein, Berngau und Greding.<\/p>\n\n\n\n<p>Die Hege und Pflege des Fischbestandes, der Fischfang, der\nEinsatz f\u00fcr Natur und Umwelt, das gesellige Vereinsleben, bei dem auch die\nBev\u00f6lkerung beispielsweise beim Fischerfest in Forchheim mit eingebunden ist,\ndie Beteiligung bei Veranstaltungen in der Region, der Fischereiverein\nForchheim-Oberm\u00e4ssing ist ein sehr aktiver Verein, der\nden Zusammenhalt in unserer Gesellschaft f\u00f6rdert.<\/p>\n\n\n\n<p>Ich w\u00fcnsche dem Fischereiverein Forchheim-Oberm\u00e4ssing alles Gute f\u00fcr die Zukunft und weiterhin viel Erfolg bei den vielf\u00e4ltigen Aufgaben aber auch viel Freude beim Fischen und Angeln.<\/p>\n\n\n\n<figure class=\"wp-block-image size-large\"><img loading=\"lazy\" decoding=\"async\" width=\"204\" height=\"183\" src=\"https:\/\/schwarzachangler.de\/wp-content\/uploads\/2020\/04\/image.png\" alt=\"\" class=\"wp-image-795\"\/><figcaption class=\"wp-element-caption\"><strong>Willibald Gailler<br>Landrat<\/strong><\/figcaption><\/figure>\n\n\n\n<hr class=\"wp-block-separator has-css-opacity\"\/>\n\n\n\n<hr class=\"wp-block-separator has-css-opacity\"\/>\n\n\n\n<h4 class=\"wp-block-heading\">Zeitungsbericht zur Jahreshauptversammlung &#8211; Hilpoltsteiner Kurier:<\/h4>\n\n\n\n<p><a href=\"https:\/\/www.donaukurier.de\/lokales\/hilpoltstein\/Max-Netter-gibt-den-Vorsitz-ab;art596,4521294\"><strong>Langj\u00e4hriger Chef des Fischereivereins Forchheim-Oberm\u00e4ssing reicht das Amt an Rudi Krehan weiter<\/strong><\/a><br>Oberm\u00e4ssing\/Forchheim &#8211; Im Fischereiverein Oberm\u00e4ssing-Forchheim ist eine \u00c4ra zu Ende gegangen: Max Netter aus Oberm\u00e4ssing, der langj\u00e4hrige Vorsitzende, reichte in der Jahresversammlung den Staffelstab an Rudi Krehan weiter.<\/p>\n\n\n\n<hr class=\"wp-block-separator has-css-opacity\"\/>\n\n\n\n<h4 class=\"wp-block-heading\">Zeitungsbericht Neumarkter Tagblatt:<\/h4>\n\n\n\n<p>Zwei Ehrenmitglieder ernannt &#8211; Rudi Krehan ist neuer Vorsitzender des Fischereivereins Forchheim-Oberm\u00e4ssing.&nbsp;<br>Von Heike Regnet<\/p>\n\n\n\n<p><a href=\"https:\/\/www.mittelbayerische.de\/region\/neumarkt-nachrichten\/zwei-ehrenmitglieder-ernannt-21102-art1894621.html\">https:\/\/www.mittelbayerische.de\/region\/neumarkt-nachrichten\/zwei-ehrenmitglieder-ernannt-21102-art1894621.html<\/a><\/p>\n\n\n\n<pre class=\"wp-block-preformatted\"><\/pre>\n\n\n\n<p><\/p>\n\n\n\n<p><\/p>\n","protected":false},"excerpt":{"rendered":"<p>Einladung zur Jahreshauptversammlung Unsere Jahreshauptversammlung findet am 06. Februar 2026 statt. Alle Mitglieder sind dazu herzlich eingeladen. Bayerns Fisch des Jahres 2026: Die \u00c4sche Die \u00c4sche steht wie kaum ein anderer Fisch f\u00fcr klares, lebendiges und sauerstoffreiches Wasser \u2013 und genau diese Lebensr\u00e4ume werden in Bayern immer seltener. Der Landesfischereiverband Bayern hat sie deshalb zum &hellip; <\/p>\n<p class=\"link-more\"><a href=\"https:\/\/schwarzachangler.de\/?page_id=16\" class=\"more-link\"><span class=\"screen-reader-text\">\u201eAktuelles\u201c<\/span> weiterlesen<\/a><\/p>\n","protected":false},"author":2,"featured_media":0,"parent":0,"menu_order":0,"comment_status":"closed","ping_status":"closed","template":"","meta":{"footnotes":""},"class_list":["post-16","page","type-page","status-publish","hentry"],"_links":{"self":[{"href":"https:\/\/schwarzachangler.de\/index.php?rest_route=\/wp\/v2\/pages\/16"}],"collection":[{"href":"https:\/\/schwarzachangler.de\/index.php?rest_route=\/wp\/v2\/pages"}],"about":[{"href":"https:\/\/schwarzachangler.de\/index.php?rest_route=\/wp\/v2\/types\/page"}],"author":[{"embeddable":true,"href":"https:\/\/schwarzachangler.de\/index.php?rest_route=\/wp\/v2\/users\/2"}],"replies":[{"embeddable":true,"href":"https:\/\/schwarzachangler.de\/index.php?rest_route=%2Fwp%2Fv2%2Fcomments&post=16"}],"version-history":[{"count":144,"href":"https:\/\/schwarzachangler.de\/index.php?rest_route=\/wp\/v2\/pages\/16\/revisions"}],"predecessor-version":[{"id":1657,"href":"https:\/\/schwarzachangler.de\/index.php?rest_route=\/wp\/v2\/pages\/16\/revisions\/1657"}],"wp:attachment":[{"href":"https:\/\/schwarzachangler.de\/index.php?rest_route=%2Fwp%2Fv2%2Fmedia&parent=16"}],"curies":[{"name":"wp","href":"https:\/\/api.w.org\/{rel}","templated":true}]}}