{"id":698,"date":"2020-03-26T20:29:02","date_gmt":"2020-03-26T20:29:02","guid":{"rendered":"http:\/\/schwarzachangler.de\/?page_id=698"},"modified":"2026-01-06T17:09:23","modified_gmt":"2026-01-06T17:09:23","slug":"natur-und-artenschutz","status":"publish","type":"page","link":"https:\/\/schwarzachangler.de\/?page_id=698","title":{"rendered":"Natur- und Artenschutz"},"content":{"rendered":"\n<p>Naturschutz und Fischerei sind keine Gegens\u00e4tze, sondern bei genauer Betrachtung erg\u00e4nzen sie sich. Nur in Artenreichen, vielf\u00e4ltig strukturierten Lebensr\u00e4umen und nat\u00fcrlichen oder wenigstens naturnahen Gew\u00e4sserbereichen werden sich entsprechend gute Fischbest\u00e4nde erhalten, die langfristig eine nachhaltige Nutzung durch die Fischerei zulassen. Aus diesem Verst\u00e4ndnis heraus umfasst die Hege nicht nur die Erhaltung der Fischbest\u00e4nde sondern auch Schutz und Entwicklung standortgerechter Lebensgemeinschaften.<\/p>\n\n\n\n<p>Unser Verein tr\u00e4gt seit jeher aktiv zum Schutz und Erhalt der nat\u00fcrlichen Lebensr\u00e4ume unserer heimischen Fischarten bei. <\/p>\n\n\n\n<p>Natur- und Artenschutz ist bei uns keine &#8220;Momentaufnahme&#8221; oder &#8220;PR-Ma\u00dfnahme&#8221; sondern ehrliches, dauerhaftes und jahrzehntelanges Engagement der &#8220;Fischer&#8221;!<\/p>\n\n\n\n<p>Bereits seit der Vereinsgr\u00fcndung findet ein allj\u00e4hrlicher &#8220;Umweltarbeitsdienst&#8221; an unseren Gew\u00e4ssern statt. Dieser Dienst an der Natur ist f\u00fcr jedes Mitglied ein verpflichtender Beitrag am Vereinsleben.<\/p>\n\n\n\n<h3 class=\"wp-block-heading\"><strong>Wir betreiben seit 40 Jahren aktiven Natur- und Artenschutz!<\/strong><\/h3>\n\n\n\n<p>Am 04.04.1980 wurde durch den Fischereiverein Forchheim &#8211; Oberm\u00e4ssing in Verbindung mit dem Mittelfr\u00e4nkischen Fischereiverband ein Verbandsarbeitsdienst durchgef\u00fchrt.<\/p>\n\n\n\n<figure class=\"wp-block-image size-large\"><img loading=\"lazy\" decoding=\"async\" width=\"1024\" height=\"434\" src=\"https:\/\/schwarzachangler.de\/wp-content\/uploads\/2020\/03\/Pressebericht-1983-1024x434.jpg\" alt=\"\" class=\"wp-image-713\" srcset=\"https:\/\/schwarzachangler.de\/wp-content\/uploads\/2020\/03\/Pressebericht-1983-1024x434.jpg 1024w, https:\/\/schwarzachangler.de\/wp-content\/uploads\/2020\/03\/Pressebericht-1983-300x127.jpg 300w, https:\/\/schwarzachangler.de\/wp-content\/uploads\/2020\/03\/Pressebericht-1983-768x325.jpg 768w, https:\/\/schwarzachangler.de\/wp-content\/uploads\/2020\/03\/Pressebericht-1983-1536x651.jpg 1536w, https:\/\/schwarzachangler.de\/wp-content\/uploads\/2020\/03\/Pressebericht-1983-2048x867.jpg 2048w\" sizes=\"(max-width: 706px) 89vw, (max-width: 767px) 82vw, 740px\" \/><figcaption class=\"wp-element-caption\">Zeitungsausschnitt vom 12. April 1983<\/figcaption><\/figure>\n\n\n\n<p>Die Angler, die an einer sauberen Natur schon immer reges Interesse hatten, befreien seit mehr als 40 Jahren unsere Gew\u00e4sser von den Abf\u00e4llen der Wohlstandsgesellschaft.<\/p>\n\n\n\n<p>An diesem ersten\nArbeitsdienst, wurden von uns insgesamt 2 LKW-Ladungen sowie ein\nKleintransporter mit Unrat gesammelt und entsorgt.<\/p>\n\n\n\n<p>Die Gegenst\u00e4nde die zu finden\nwaren, gingen von Plastik in allen Variationen \u00fcber Reifen, Fahrr\u00e4der, Autos, Eisenschrott\u2026\u2026<\/p>\n\n\n\n<figure class=\"wp-block-image size-large is-resized\"><img loading=\"lazy\" decoding=\"async\" width=\"563\" height=\"551\" src=\"https:\/\/schwarzachangler.de\/wp-content\/uploads\/2020\/03\/Pressebericht-1984.gif\" alt=\"\" class=\"wp-image-714\" style=\"width:386px;height:378px\"\/><figcaption class=\"wp-element-caption\">Zeitungsausschnitt 1984<\/figcaption><\/figure>\n\n\n\n<p>Diese Aktion wird durch unsere Mitglieder<strong> bis heute<\/strong> j\u00e4hrlich im Herbst durchgef\u00fchrt. Gl\u00fccklicherweise ist durch das gesteigerte Umweltbewusstsein die M\u00fcllmenge, im Vergleich zu den Anf\u00e4ngen, deutlich zur\u00fcckgegangen.<\/p>\n\n\n\n<figure class=\"wp-block-image size-large\"><img loading=\"lazy\" decoding=\"async\" width=\"591\" height=\"391\" src=\"https:\/\/schwarzachangler.de\/wp-content\/uploads\/2020\/03\/Zeitungsausschnitt-Umweltschutztag-1985.jpg\" alt=\"\" class=\"wp-image-715\" srcset=\"https:\/\/schwarzachangler.de\/wp-content\/uploads\/2020\/03\/Zeitungsausschnitt-Umweltschutztag-1985.jpg 591w, https:\/\/schwarzachangler.de\/wp-content\/uploads\/2020\/03\/Zeitungsausschnitt-Umweltschutztag-1985-300x198.jpg 300w\" sizes=\"(max-width: 591px) 100vw, 591px\" \/><figcaption class=\"wp-element-caption\">Zeitungsausschnitt 1985<\/figcaption><\/figure>\n\n\n\n<h3 class=\"wp-block-heading\"><strong>Begleitung und Durchf\u00fchrung \u00f6kologischer Ma\u00dfnahmen<\/strong><\/h3>\n\n\n\n<p>W\u00e4hrend des Jahres 1987\nwurden durch das Wasserwirtschaftsamt die ersten Ma\u00dfnahmen zum \u00f6kologischen\nAusbau der Schwarzach ergriffen.<\/p>\n\n\n\n<p>Beim Sportplatz Oberm\u00e4ssing\nwurde eine Stein-Schwelle eingebracht, mit dem Ziel die Fliessgeschwindigkeit\nzu verringern sowie den Wasserstand zu erh\u00f6hen.<\/p>\n\n\n\n<p>Am Altwasser in Oberm\u00e4ssing\nwurde ein Durchstich zur Schwarzach geschaffen, welcher die Versorgung mit\nFrischwasser sicherstellen sollte. Zus\u00e4tzlich wurde der Altwasserauslauf in\nOberm\u00e4ssing ausgebaggert.<\/p>\n\n\n\n<p>Die Gew\u00e4sserg\u00fcte der Schwarzach, in der Fischwasserstrecke des Fischereivereins, verschlechterte sich w\u00e4hrend der 1980er Jahre von \u201em\u00e4\u00dfig belastet\u201c auf&nbsp; in vielen Strecken \u201ekritisch belastet\u201c.<\/p>\n\n\n\n<p>In das Jahr 1988 f\u00e4llt auch das erstmalige Auftreten der Kormorane in den Gew\u00e4ssern der Umgebung. Fr\u00fchere Fischarten wie Barbe, Nase oder Rutte waren fortan nur noch selten bis kaum mehr vorhanden.<\/p>\n\n\n\n<p>Im Jahr 1993 erfolgte die\nGr\u00fcndung der Hegegemeinschaft Schwarzach.<\/p>\n\n\n\n<p>In der Hegegemeinschaft sind alle anliegenden Fischereivereine der Schwarzach organisiert. Ziel ist es, durch gemeinsame Ma\u00dfnahmen die Artenvielfalt in und an der Schwarzach zu erhalten. <\/p>\n\n\n\n<p><\/p>\n\n\n\n<p>Am 25.09.96 wurde der erste\nSpatenstich zur Renaturierung der Schwarzach zwischen Rotheichenm\u00fchle und\nForchheim gemacht.<\/p>\n\n\n\n<p>In den folgenden Monaten\nwurde die Schwarzach zum Teil in ein neues Flussbett gelegt. Der alte Flusslauf\nwurde entweder wieder aufgef\u00fcllt oder in Altarme umgewandelt. <\/p>\n\n\n\n<p>Bei der H\u00f6fener Stra\u00dfenbr\u00fccke\nentstand idyllisches Biotop, welches eine dauerhafte Wasserverbindung zur\nSchwarzach hat.<\/p>\n\n\n\n<p>In den ersten Jahren kam es\naufgrund des frisch aufgebrochenen Erdreichs zu sehr umfangreichen\nUferabschwemmungen, welche die Schwarzach zun\u00e4chst sehr belasteten.<\/p>\n\n\n\n<p>Insgesamt steht der Fischereiverein der Ma\u00dfnahme sehr positiv gegen\u00fcber, da die vorher kanalisierte und stark begradigte Schwarzach durch die Renaturierung wieder ein naturnaher Fluss werden wird.<\/p>\n\n\n\n<figure class=\"wp-block-image size-large\"><img loading=\"lazy\" decoding=\"async\" width=\"497\" height=\"1024\" src=\"https:\/\/schwarzachangler.de\/wp-content\/uploads\/2020\/03\/Pressebericht-1990-497x1024.jpg\" alt=\"\" class=\"wp-image-716\" srcset=\"https:\/\/schwarzachangler.de\/wp-content\/uploads\/2020\/03\/Pressebericht-1990-497x1024.jpg 497w, https:\/\/schwarzachangler.de\/wp-content\/uploads\/2020\/03\/Pressebericht-1990-146x300.jpg 146w, https:\/\/schwarzachangler.de\/wp-content\/uploads\/2020\/03\/Pressebericht-1990-768x1583.jpg 768w, https:\/\/schwarzachangler.de\/wp-content\/uploads\/2020\/03\/Pressebericht-1990-745x1536.jpg 745w, https:\/\/schwarzachangler.de\/wp-content\/uploads\/2020\/03\/Pressebericht-1990-994x2048.jpg 994w, https:\/\/schwarzachangler.de\/wp-content\/uploads\/2020\/03\/Pressebericht-1990-scaled.jpg 1242w\" sizes=\"(max-width: 497px) 100vw, 497px\" \/><figcaption class=\"wp-element-caption\">Pressebericht Juni 1996<\/figcaption><\/figure>\n\n\n\n<p>Im M\u00e4rz 1997 und im Sommer 2023 wurde durch eine, vom Fischereiverein beauftragte Firma, das Altwasser bei Rohr entlandet und vertieft. Durch die sehr gro\u00dfen Mengen an Faulschlamm im Altwasser, bestand die akute Gefahr des Fischsterbens.<\/p>\n\n\n\n<h3 class=\"wp-block-heading\"><strong>Fischbesatz zum Erhalt bedrohter heimischer Fischarten<\/strong><\/h3>\n\n\n\n<p>Im Jahr 2000 erfolgte in der Schwarzach ein Besatz mit Nasen. Dem sollten die n\u00e4chsten Jahre noch Barben und Rutten folgen.<\/p>\n\n\n\n<p>Die Gew\u00e4sserg\u00fcte der Schwarzach hatte sich inzwischen wieder soweit gebessert, dass f\u00fcr diese Vorhaben gute Erfolgsaussichten bestanden. <\/p>\n\n\n\n<h2 class=\"wp-block-heading\"><strong>Artenschutz an der Schwarzach \u2013 ein Herzensanliegen unseres Vereins<\/strong><\/h2>\n\n\n\n<p>Als Fischereiverein Forchheim\u2011Oberm\u00e4ssing setzen wir uns mit viel Engagement f\u00fcr den Erhalt unserer heimischen Fischarten in der Schwarzach ein. Besonders am Herzen liegen uns dabei die <strong>Rutte<\/strong> und die <strong>Barbe<\/strong>, zwei typische Bewohner unserer Flie\u00dfgew\u00e4sser, die in Bayern besondere Unterst\u00fctzung ben\u00f6tigen.<\/p>\n\n\n\n<p>Im Rahmen der laufenden <strong>Artenhilfsprogramme<\/strong> arbeiten wir aktiv daran, ihre Lebensr\u00e4ume zu erhalten und zu verbessern. Durch sorgf\u00e4ltige Hege, strukturreiche Gew\u00e4sserpflege und die F\u00f6rderung nat\u00fcrlicher Laichpl\u00e4tze leisten wir unseren Beitrag dazu, dass sich diese wertvollen Arten langfristig in der Schwarzach behaupten k\u00f6nnen.<\/p>\n\n\n\n<p>Unser Ziel ist klar: <strong>Ein gesundes, vielf\u00e4ltiges und lebendiges Gew\u00e4sser \u2013 f\u00fcr Fische, Natur und alle, die unsere Schwarzach lieben.<\/strong><\/p>\n\n\n\n<div class=\"wp-block-columns is-layout-flex wp-container-core-columns-is-layout-1 wp-block-columns-is-layout-flex\">\n<div class=\"wp-block-column is-layout-flow wp-block-column-is-layout-flow\" style=\"flex-basis:100%\">\n<figure class=\"wp-block-image size-large is-resized\"><img loading=\"lazy\" decoding=\"async\" width=\"768\" height=\"1024\" src=\"https:\/\/schwarzachangler.de\/wp-content\/uploads\/2026\/01\/IMG-20230929-WA0008-768x1024.jpg\" alt=\"\" class=\"wp-image-1681\" style=\"width:260px;height:auto\" srcset=\"https:\/\/schwarzachangler.de\/wp-content\/uploads\/2026\/01\/IMG-20230929-WA0008-768x1024.jpg 768w, https:\/\/schwarzachangler.de\/wp-content\/uploads\/2026\/01\/IMG-20230929-WA0008-225x300.jpg 225w, https:\/\/schwarzachangler.de\/wp-content\/uploads\/2026\/01\/IMG-20230929-WA0008-1152x1536.jpg 1152w, https:\/\/schwarzachangler.de\/wp-content\/uploads\/2026\/01\/IMG-20230929-WA0008.jpg 1200w\" sizes=\"(max-width: 706px) 89vw, (max-width: 767px) 82vw, 740px\" \/><\/figure>\n\n\n\n<figure class=\"wp-block-image size-large is-resized\"><img loading=\"lazy\" decoding=\"async\" width=\"768\" height=\"1024\" src=\"https:\/\/schwarzachangler.de\/wp-content\/uploads\/2026\/01\/IMG-20240316-WA0007-1-768x1024.jpg\" alt=\"\" class=\"wp-image-1682\" style=\"width:262px;height:auto\" srcset=\"https:\/\/schwarzachangler.de\/wp-content\/uploads\/2026\/01\/IMG-20240316-WA0007-1-768x1023.jpg 768w, https:\/\/schwarzachangler.de\/wp-content\/uploads\/2026\/01\/IMG-20240316-WA0007-1-225x300.jpg 225w, https:\/\/schwarzachangler.de\/wp-content\/uploads\/2026\/01\/IMG-20240316-WA0007-1-1153x1536.jpg 1153w, https:\/\/schwarzachangler.de\/wp-content\/uploads\/2026\/01\/IMG-20240316-WA0007-1.jpg 1200w\" sizes=\"(max-width: 706px) 89vw, (max-width: 767px) 82vw, 740px\" \/><\/figure>\n<\/div>\n<\/div>\n\n\n\n<h3 class=\"wp-block-heading\"><strong>Neuausrichtung zum Schutz und Reinhaltung der Natur und unserer Gew\u00e4sser<\/strong><\/h3>\n\n\n\n<p>Am 02.11.2001 fand eine au\u00dferordentliche Mitgliederversammlung im Sportheim in Forchheim statt. Grund f\u00fcr dies war die Beschlussfassung zu einer neuen Vereinssatzung.  Der wesentliche Punkt der neuen Vereinssatzung ist der Zweck des Fischereivereins Forchheim-Oberm\u00e4ssing e.V. welcher fortan wie folgt lautet:<\/p>\n\n\n\n<p><strong>\u00a7 2&nbsp;&nbsp;&nbsp;&nbsp;&nbsp;&nbsp;&nbsp;&nbsp;&nbsp; <em>Zweck des Vereins<\/em><\/strong><\/p>\n\n\n\n<p><em><strong>1.&nbsp;&nbsp;&nbsp;&nbsp;&nbsp;&nbsp;&nbsp;&nbsp;&nbsp;&nbsp;&nbsp;&nbsp; Der Zweck des Vereins ist die F\u00f6rderung des Naturschutzes und der Landschaftspflege durch Hege und Pflege des Fischbestandes in den Gew\u00e4ssern in Verbindung mit Ma\u00dfnahmen zum Schutz und zur Reinhaltung dieser Gew\u00e4sser sowie die Erhaltung der Sch\u00f6nheit und Urspr\u00fcnglichkeit der Gew\u00e4sser.<\/strong><\/em><\/p>\n\n\n\n<p>In der Zeit ab 2002 nahm die Kormoran-Population an den Gew\u00e4ssern der Umgebung stark zu. Mit dem bis heute verst\u00e4rkten Auftreten dieses fischfressenden Vogels, sind seitdem gro\u00dfe Probleme aufgetreten.<\/p>\n\n\n\n<p>Als aktiver Beitrag zum\nArtenschutz, wurden am 02.11.2002, in die Schwarzach zum wiederholten Male\nBesatzfische eingebracht, welche dem Zweck der Wiederansiedlung ausgestorbener\nFischarten dienen.<\/p>\n\n\n\n<p>An diesem Tag sind 1900 Nasen durch Vereinsmitglieder in der &nbsp;Schwarzach eingesetzt worden. <\/p>\n\n\n\n<p>Am 24.09.04 wurden wiederum\nim Rahmen des Artenhilfsprogramms, in der Schwarzach ausgestorbene Fischarten\nbesetzt.<\/p>\n\n\n\n<p>Diesmal wurden die Fischarten Nase, Rutte und Barbe f\u00fcr den Wiedereinb\u00fcrgerungsversuch ausgew\u00e4hlt.<\/p>\n\n\n\n<h2 class=\"wp-block-heading\"><strong>Unser Beitrag zum Schutz des Europ\u00e4ischen Aals:<\/strong><\/h2>\n\n\n\n<p>Der Europ\u00e4ische Aal ist in Bayern stark gef\u00e4hrdet,\u00a0<mark>haupts\u00e4chlich durch Wasserkraftwerke, Habitatverlust, Schadstoffe und \u00dcberfischung<\/mark>; der Bestand ist drastisch eingebrochen (\u00fcber 90 % R\u00fcckgang)!<\/p>\n\n\n\n<p><strong>Rote Liste:<\/strong>\u00a0Der Aal ist in Bayern als \u201egef\u00e4hrdet\u201c eingestuft und steht international auf der Roten Liste vom Aussterben bedrohter Arten.<\/p>\n\n\n\n<p><strong>Unser Beitrag:<\/strong> Seit \u00fcber 25 Jahren (!) werden werden vom Fischereiverein Forchheim-Oberm\u00e4ssing e.V. <strong>jedes Jahr<\/strong> in der Schwarzach Glasaale eingesetzt. Unserem Engagement ist es zu verdanken, dass diese Fischart hier noch vor kommt.<\/p>\n\n\n\n<figure class=\"wp-block-gallery has-nested-images columns-default is-cropped wp-block-gallery-1 is-layout-flex wp-block-gallery-is-layout-flex\">\n<figure class=\"wp-block-image size-large\"><img loading=\"lazy\" decoding=\"async\" width=\"1024\" height=\"768\" data-id=\"1673\" src=\"https:\/\/schwarzachangler.de\/wp-content\/uploads\/2026\/01\/IMG-20220311-WA0012-1024x768.jpg\" alt=\"\" class=\"wp-image-1673\" srcset=\"https:\/\/schwarzachangler.de\/wp-content\/uploads\/2026\/01\/IMG-20220311-WA0012-1024x768.jpg 1024w, https:\/\/schwarzachangler.de\/wp-content\/uploads\/2026\/01\/IMG-20220311-WA0012-300x225.jpg 300w, https:\/\/schwarzachangler.de\/wp-content\/uploads\/2026\/01\/IMG-20220311-WA0012-768x576.jpg 768w, https:\/\/schwarzachangler.de\/wp-content\/uploads\/2026\/01\/IMG-20220311-WA0012-1536x1152.jpg 1536w, https:\/\/schwarzachangler.de\/wp-content\/uploads\/2026\/01\/IMG-20220311-WA0012.jpg 2048w\" sizes=\"(max-width: 706px) 89vw, (max-width: 767px) 82vw, 740px\" \/><figcaption class=\"wp-element-caption\">Glasaale (Foto Franz Metzger)<\/figcaption><\/figure>\n\n\n\n<figure class=\"wp-block-image size-large\"><img loading=\"lazy\" decoding=\"async\" width=\"768\" height=\"1024\" data-id=\"1675\" src=\"https:\/\/schwarzachangler.de\/wp-content\/uploads\/2026\/01\/IMG-20220311-WA0019-768x1024.jpg\" alt=\"\" class=\"wp-image-1675\" srcset=\"https:\/\/schwarzachangler.de\/wp-content\/uploads\/2026\/01\/IMG-20220311-WA0019-768x1024.jpg 768w, https:\/\/schwarzachangler.de\/wp-content\/uploads\/2026\/01\/IMG-20220311-WA0019-225x300.jpg 225w, https:\/\/schwarzachangler.de\/wp-content\/uploads\/2026\/01\/IMG-20220311-WA0019-1152x1536.jpg 1152w, https:\/\/schwarzachangler.de\/wp-content\/uploads\/2026\/01\/IMG-20220311-WA0019.jpg 1536w\" sizes=\"(max-width: 706px) 89vw, (max-width: 767px) 82vw, 740px\" \/><\/figure>\n<figcaption class=\"blocks-gallery-caption wp-element-caption\">Besatz mit Glasaalen <br><\/figcaption><\/figure>\n\n\n\n<p><strong>Existenzsicherung:<\/strong>\u00a0Ohne unser jahrzehntelanges Engagement durch  den j\u00e4hrlichen Besatz w\u00e4re der Aal in der Schwarzach bereits verschwunden.<\/p>\n\n\n\n<p class=\"has-text-align-center\"><strong>Wir m\u00f6chten uns an dieser Stelle bei allen Mitgliedern, Freunden und G\u00f6nnern des Fischereiverein Forchheim- Oberm\u00e4ssing f\u00fcr die geleistete Arbeit und das Engagement zur Erhaltung unserer Natur und Artenvielfalt bedanken.<\/strong><\/p>\n\n\n\n<p class=\"has-text-align-center\"><strong>Ein kr\u00e4ftiges \u201ePetri Heil\u201c allen Mitgliedern des <\/strong><\/p>\n\n\n\n<p class=\"has-text-align-center\"><strong>Fischereivereins Forchheim-Oberm\u00e4ssing e.V.<\/strong><\/p>\n\n\n<div class=\"wp-block-image\">\n<figure class=\"aligncenter size-large is-resized\"><img loading=\"lazy\" decoding=\"async\" width=\"1024\" height=\"695\" src=\"http:\/\/schwarzachangler.de\/wp-content\/uploads\/2020\/03\/2020-06-02_Logo_FV_02-1-1024x695.png\" alt=\"\" class=\"wp-image-1671\" style=\"width:180px;height:auto\" srcset=\"https:\/\/schwarzachangler.de\/wp-content\/uploads\/2020\/03\/2020-06-02_Logo_FV_02-1-1024x695.png 1024w, https:\/\/schwarzachangler.de\/wp-content\/uploads\/2020\/03\/2020-06-02_Logo_FV_02-1-300x204.png 300w, https:\/\/schwarzachangler.de\/wp-content\/uploads\/2020\/03\/2020-06-02_Logo_FV_02-1-768x521.png 768w, https:\/\/schwarzachangler.de\/wp-content\/uploads\/2020\/03\/2020-06-02_Logo_FV_02-1.png 1046w\" sizes=\"(max-width: 706px) 89vw, (max-width: 767px) 82vw, 740px\" \/><\/figure><\/div>","protected":false},"excerpt":{"rendered":"<p>Naturschutz und Fischerei sind keine Gegens\u00e4tze, sondern bei genauer Betrachtung erg\u00e4nzen sie sich. Nur in Artenreichen, vielf\u00e4ltig strukturierten Lebensr\u00e4umen und nat\u00fcrlichen oder wenigstens naturnahen Gew\u00e4sserbereichen werden sich entsprechend gute Fischbest\u00e4nde erhalten, die langfristig eine nachhaltige Nutzung durch die Fischerei zulassen. Aus diesem Verst\u00e4ndnis heraus umfasst die Hege nicht nur die Erhaltung der Fischbest\u00e4nde sondern auch &hellip; <\/p>\n<p class=\"link-more\"><a href=\"https:\/\/schwarzachangler.de\/?page_id=698\" class=\"more-link\"><span class=\"screen-reader-text\">\u201eNatur- und Artenschutz\u201c<\/span> weiterlesen<\/a><\/p>\n","protected":false},"author":2,"featured_media":0,"parent":63,"menu_order":0,"comment_status":"closed","ping_status":"closed","template":"","meta":{"footnotes":""},"class_list":["post-698","page","type-page","status-publish","hentry"],"_links":{"self":[{"href":"https:\/\/schwarzachangler.de\/index.php?rest_route=\/wp\/v2\/pages\/698"}],"collection":[{"href":"https:\/\/schwarzachangler.de\/index.php?rest_route=\/wp\/v2\/pages"}],"about":[{"href":"https:\/\/schwarzachangler.de\/index.php?rest_route=\/wp\/v2\/types\/page"}],"author":[{"embeddable":true,"href":"https:\/\/schwarzachangler.de\/index.php?rest_route=\/wp\/v2\/users\/2"}],"replies":[{"embeddable":true,"href":"https:\/\/schwarzachangler.de\/index.php?rest_route=%2Fwp%2Fv2%2Fcomments&post=698"}],"version-history":[{"count":28,"href":"https:\/\/schwarzachangler.de\/index.php?rest_route=\/wp\/v2\/pages\/698\/revisions"}],"predecessor-version":[{"id":1685,"href":"https:\/\/schwarzachangler.de\/index.php?rest_route=\/wp\/v2\/pages\/698\/revisions\/1685"}],"up":[{"embeddable":true,"href":"https:\/\/schwarzachangler.de\/index.php?rest_route=\/wp\/v2\/pages\/63"}],"wp:attachment":[{"href":"https:\/\/schwarzachangler.de\/index.php?rest_route=%2Fwp%2Fv2%2Fmedia&parent=698"}],"curies":[{"name":"wp","href":"https:\/\/api.w.org\/{rel}","templated":true}]}}